{"id":8049,"date":"2019-10-26T08:55:31","date_gmt":"2019-10-26T06:55:31","guid":{"rendered":"http:\/\/www.tempogymjette.be\/?page_id=8049"},"modified":"2025-11-12T10:10:54","modified_gmt":"2025-11-12T09:10:54","slug":"competitions-dates-et-infos-pratiques","status":"publish","type":"page","link":"https:\/\/www.tempogymjette.be\/index.php\/competitions-dates-et-infos-pratiques\/","title":{"rendered":"Comp\u00e9titions dates et infos pratiques"},"content":{"rendered":"<div id=\"pl-8049\"  class=\"panel-layout\" ><div id=\"pg-8049-0\"  class=\"panel-grid panel-no-style\" ><div id=\"pgc-8049-0-0\"  class=\"panel-grid-cell\" ><div id=\"panel-8049-0-0-0\" class=\"so-panel widget widget_black-studio-tinymce widget_black_studio_tinymce panel-first-child panel-last-child\" data-index=\"0\" ><div class=\"textwidget\"><p style=\"text-align: center;\"><span style=\"text-decoration: underline;\"><span style=\"font-family: 'Comic Sans MS', sans-serif; color: #000000; text-decoration: underline;\">GYM EVAL<\/span><\/span><br \/>\n<span style=\"font-family: 'Comic Sans MS', sans-serif; color: #000000;\">Evaluation provinciale 1 : 14 d\u00e9cembre 2025<\/span><br \/>\n<span style=\"font-family: 'Comic Sans MS', sans-serif; color: #000000;\">Evaluation provinciale 2 : 17 mai 2026<\/span><\/p>\n<p style=\"text-align: center;\"><span style=\"text-decoration: underline;\"><span style=\"font-family: 'Comic Sans MS', sans-serif; color: #000000; text-decoration: underline;\">JEUNES<\/span><\/span><br \/>\n<span style=\"font-family: 'Comic Sans MS', sans-serif; color: #000000;\">Championnat du Brabant (A) : 31 janvier et 1er f\u00e9vrier 2026<\/span><br \/>\n<span style=\"font-family: 'Comic Sans MS', sans-serif; color: #000000;\">Championnat du Brabant (B) : 28 et 29 mars 2026<\/span><br \/>\n<span style=\"font-family: 'Comic Sans MS', sans-serif; color: #000000;\">Championnat francophone (A) : 18 et 19 avril 2026<\/span><\/p>\n<p style=\"text-align: center;\"><span style=\"text-decoration: underline;\"><span style=\"font-family: 'Comic Sans MS', sans-serif; color: #000000; text-decoration: underline;\">DIVISION 6 GAF<\/span><\/span><br \/>\n<span style=\"font-family: 'Comic Sans MS', sans-serif; color: #000000;\">Championnat du Brabant : 28 et 29 mars 2026<\/span><\/p>\n<p style=\"text-align: center;\"><span style=\"text-decoration: underline;\"><span style=\"font-family: 'Comic Sans MS', sans-serif; color: #000000; text-decoration: underline;\">DIVISION 5 GAF<\/span><\/span><br \/>\n<span style=\"font-family: 'Comic Sans MS', sans-serif; color: #000000;\">Championnat du Brabant : 7 et 8 f\u00e9vrier 2026<\/span><br \/>\n<span style=\"font-family: 'Comic Sans MS', sans-serif; color: #000000;\">Championnat francophone : 14 et 15 mars 2026<\/span><\/p>\n<p style=\"text-align: center;\"><span style=\"text-decoration: underline;\"><span style=\"font-family: 'Comic Sans MS', sans-serif; color: #000000; text-decoration: underline;\">DIVISION 4 GAF<\/span><\/span><br \/>\n<span style=\"font-family: 'Comic Sans MS', sans-serif; color: #000000;\">Championnat du Brabant : 7 et 8 f\u00e9vrier 2026<\/span><br \/>\n<span style=\"font-family: 'Comic Sans MS', sans-serif; color: #000000;\">Championnat Provincial Inter-Equipes : 7 et 8 mars 2026<\/span><br \/>\n<span style=\"font-family: 'Comic Sans MS', sans-serif; color: #000000;\">Championnat francophone : 14 et 15 mars 2026<\/span><br \/>\n<span style=\"font-family: 'Comic Sans MS', sans-serif; color: #000000;\">Championnat francophone Inter-Equipes : 11 et 12 avril 2026<\/span><\/p>\n<p style=\"text-align: center;\"><span style=\"text-decoration: underline;\"><span style=\"font-family: 'Comic Sans MS', sans-serif; color: #000000; text-decoration: underline;\">DIVISION 3 GAF<\/span><\/span><br \/>\n<span style=\"font-family: 'Comic Sans MS', sans-serif; color: #000000;\">Championnat du Brabant : 31 janvier et 1er f\u00e9vrier 2026<\/span><br \/>\n<span style=\"font-family: 'Comic Sans MS', sans-serif; color: #000000;\">Championnat Provincial Inter-Equipes : 7 et 8 mars 2026<\/span><br \/>\n<span style=\"font-family: 'Comic Sans MS', sans-serif; color: #000000;\">Championnat francophone : 21 et 22 mars 2026<\/span><br \/>\n<span style=\"font-family: 'Comic Sans MS', sans-serif; color: #000000;\">Championnat francophone Inter-Equipes : 11 et 12 avril 2026<\/span><\/p>\n<p style=\"text-align: center;\"><span style=\"text-decoration: underline;\"><span style=\"font-family: 'Comic Sans MS', sans-serif; color: #000000; text-decoration: underline;\">DIVISION 2 GAF<\/span><\/span><br \/>\n<span style=\"font-family: 'Comic Sans MS', sans-serif; color: #000000;\">Championnat multiprovinces : 28 et 29 mars 2026<\/span><br \/>\n<span style=\"font-family: 'Comic Sans MS', sans-serif; color: #000000;\">Championnat francophone : 18 et 19 avril 2026<\/span><br \/>\n<span style=\"font-family: 'Comic Sans MS', sans-serif; color: #000000;\">Championnat de Belgique : 23 au 25 mai 2026<\/span><\/p>\n<p style=\"text-align: center;\"><span style=\"text-decoration: underline;\"><span style=\"font-family: 'Comic Sans MS', sans-serif;\">GAM<\/span><\/span><br \/>\n<span style=\"font-family: 'Comic Sans MS', sans-serif;\">Coupe Formation : 1er f\u00e9vrier 2026<\/span><br \/>\n<span style=\"font-family: 'Comic Sans MS', sans-serif;\">Championnat du Brabant : 21 et 22 mars 2026<\/span><br \/>\n<span style=\"font-family: 'Comic Sans MS', sans-serif;\">Championnat francophone : 18 et 19 avril 2026<\/span><br \/>\n<span style=\"font-family: 'Comic Sans MS', sans-serif;\">Championnat de Belgique : 23 au 25 mai 2026<\/span><\/p>\n<p><span style=\"font-family: 'Comic Sans MS', sans-serif; color: #000000;\"><a href=\"https:\/\/i0.wp.com\/www.tempogymjette.be\/wp-content\/uploads\/2017\/08\/attention-e1502514370898.jpg?ssl=1\"><img loading=\"lazy\" decoding=\"async\" data-attachment-id=\"363\" data-permalink=\"https:\/\/www.tempogymjette.be\/index.php\/accueil-3\/attention\/\" data-orig-file=\"https:\/\/i0.wp.com\/www.tempogymjette.be\/wp-content\/uploads\/2017\/08\/attention-e1502514370898.jpg?fit=180%2C180&amp;ssl=1\" data-orig-size=\"180,180\" data-comments-opened=\"1\" data-image-meta=\"{&quot;aperture&quot;:&quot;0&quot;,&quot;credit&quot;:&quot;&quot;,&quot;camera&quot;:&quot;&quot;,&quot;caption&quot;:&quot;&quot;,&quot;created_timestamp&quot;:&quot;0&quot;,&quot;copyright&quot;:&quot;&quot;,&quot;focal_length&quot;:&quot;0&quot;,&quot;iso&quot;:&quot;0&quot;,&quot;shutter_speed&quot;:&quot;0&quot;,&quot;title&quot;:&quot;&quot;,&quot;orientation&quot;:&quot;0&quot;}\" data-image-title=\"attention\" data-image-description=\"\" data-image-caption=\"\" data-medium-file=\"https:\/\/i0.wp.com\/www.tempogymjette.be\/wp-content\/uploads\/2017\/08\/attention-e1502514370898.jpg?fit=180%2C180&amp;ssl=1\" data-large-file=\"https:\/\/i0.wp.com\/www.tempogymjette.be\/wp-content\/uploads\/2017\/08\/attention-e1502514370898.jpg?fit=180%2C180&amp;ssl=1\" data-recalc-dims=\"1\" class=\"wp-image-363 alignleft\" src=\"https:\/\/i0.wp.com\/www.tempogymjette.be\/wp-content\/uploads\/2017\/08\/attention-e1502514370898.jpg?resize=71%2C71&#038;ssl=1\" alt=\"\" width=\"71\" height=\"71\" \/><\/a>Les dates des Championnats du Brabant sont donn\u00e9es \u00e0 titre informatif et doivent encore \u00eatre confirm\u00e9es par la f\u00e9d\u00e9ration.<\/span><\/p>\n<\/div><\/div><\/div><\/div><\/div>","protected":false},"excerpt":{"rendered":"<p>GYM EVAL Evaluation provinciale 1 : 14 d\u00e9cembre 2025 Evaluation provinciale 2 : 17 mai 2026 JEUNES Championnat du Brabant (A) : 31 janvier et 1er f\u00e9vrier 2026 Championnat du Brabant (B) : 28 et 29 mars 2026 Championnat francophone (A) : 18 et 19 avril 2026 DIVISION 6 GAF Championnat du Brabant : 28 [&hellip;]<\/p>\n","protected":false},"author":164,"featured_media":0,"parent":0,"menu_order":0,"comment_status":"closed","ping_status":"closed","template":"","meta":{"footnotes":""},"class_list":["post-8049","page","type-page","status-publish","hentry"],"yoast_head":"<!-- This site is optimized with the Yoast SEO plugin v25.1 - https:\/\/yoast.com\/wordpress\/plugins\/seo\/ -->\n<title>Comp\u00e9titions dates et infos pratiques - Tempogym Jette<\/title>\n<meta name=\"robots\" content=\"index, follow, max-snippet:-1, max-image-preview:large, max-video-preview:-1\" \/>\n<link rel=\"canonical\" href=\"https:\/\/www.tempogymjette.be\/index.php\/competitions-dates-et-infos-pratiques\/\" \/>\n<meta property=\"og:locale\" content=\"fr_FR\" \/>\n<meta property=\"og:type\" content=\"article\" \/>\n<meta property=\"og:title\" content=\"Comp\u00e9titions dates et infos pratiques - Tempogym Jette\" \/>\n<meta property=\"og:description\" content=\"GYM EVAL Evaluation provinciale 1 : 14 d\u00e9cembre 2025 Evaluation provinciale 2 : 17 mai 2026 JEUNES Championnat du Brabant (A) : 31 janvier et 1er f\u00e9vrier 2026 Championnat du Brabant (B) : 28 et 29 mars 2026 Championnat francophone (A) : 18 et 19 avril 2026 DIVISION 6 GAF Championnat du Brabant : 28 [&hellip;]\" \/>\n<meta property=\"og:url\" content=\"https:\/\/www.tempogymjette.be\/index.php\/competitions-dates-et-infos-pratiques\/\" \/>\n<meta property=\"og:site_name\" content=\"Tempogym Jette\" \/>\n<meta property=\"article:modified_time\" content=\"2025-11-12T09:10:54+00:00\" \/>\n<meta property=\"og:image\" content=\"https:\/\/i0.wp.com\/www.tempogymjette.be\/wp-content\/uploads\/2017\/08\/attention-e1502514370898.jpg?resize=71%2C71&#038;ssl=1\" \/>\n<meta name=\"twitter:card\" content=\"summary_large_image\" \/>\n<meta name=\"twitter:label1\" content=\"Dur\u00e9e de lecture estim\u00e9e\" \/>\n\t<meta name=\"twitter:data1\" content=\"2 minutes\" \/>\n<script type=\"application\/ld+json\" class=\"yoast-schema-graph\">{\"@context\":\"https:\/\/schema.org\",\"@graph\":[{\"@type\":\"WebPage\",\"@id\":\"https:\/\/www.tempogymjette.be\/index.php\/competitions-dates-et-infos-pratiques\/\",\"url\":\"https:\/\/www.tempogymjette.be\/index.php\/competitions-dates-et-infos-pratiques\/\",\"name\":\"Comp\u00e9titions dates et infos pratiques - Tempogym Jette\",\"isPartOf\":{\"@id\":\"https:\/\/www.tempogymjette.be\/#website\"},\"primaryImageOfPage\":{\"@id\":\"https:\/\/www.tempogymjette.be\/index.php\/competitions-dates-et-infos-pratiques\/#primaryimage\"},\"image\":{\"@id\":\"https:\/\/www.tempogymjette.be\/index.php\/competitions-dates-et-infos-pratiques\/#primaryimage\"},\"thumbnailUrl\":\"https:\/\/i0.wp.com\/www.tempogymjette.be\/wp-content\/uploads\/2017\/08\/attention-e1502514370898.jpg?resize=71%2C71&#038;ssl=1\",\"datePublished\":\"2019-10-26T06:55:31+00:00\",\"dateModified\":\"2025-11-12T09:10:54+00:00\",\"breadcrumb\":{\"@id\":\"https:\/\/www.tempogymjette.be\/index.php\/competitions-dates-et-infos-pratiques\/#breadcrumb\"},\"inLanguage\":\"fr-FR\",\"potentialAction\":[{\"@type\":\"ReadAction\",\"target\":[\"https:\/\/www.tempogymjette.be\/index.php\/competitions-dates-et-infos-pratiques\/\"]}]},{\"@type\":\"ImageObject\",\"inLanguage\":\"fr-FR\",\"@id\":\"https:\/\/www.tempogymjette.be\/index.php\/competitions-dates-et-infos-pratiques\/#primaryimage\",\"url\":\"https:\/\/i0.wp.com\/www.tempogymjette.be\/wp-content\/uploads\/2017\/08\/attention-e1502514370898.jpg?resize=71%2C71&#038;ssl=1\",\"contentUrl\":\"https:\/\/i0.wp.com\/www.tempogymjette.be\/wp-content\/uploads\/2017\/08\/attention-e1502514370898.jpg?resize=71%2C71&#038;ssl=1\"},{\"@type\":\"BreadcrumbList\",\"@id\":\"https:\/\/www.tempogymjette.be\/index.php\/competitions-dates-et-infos-pratiques\/#breadcrumb\",\"itemListElement\":[{\"@type\":\"ListItem\",\"position\":1,\"name\":\"Accueil\",\"item\":\"https:\/\/www.tempogymjette.be\/\"},{\"@type\":\"ListItem\",\"position\":2,\"name\":\"Comp\u00e9titions dates et infos pratiques\"}]},{\"@type\":\"WebSite\",\"@id\":\"https:\/\/www.tempogymjette.be\/#website\",\"url\":\"https:\/\/www.tempogymjette.be\/\",\"name\":\"Tempogym Jette\",\"description\":\"Vive la gym\",\"potentialAction\":[{\"@type\":\"SearchAction\",\"target\":{\"@type\":\"EntryPoint\",\"urlTemplate\":\"https:\/\/www.tempogymjette.be\/?s={search_term_string}\"},\"query-input\":{\"@type\":\"PropertyValueSpecification\",\"valueRequired\":true,\"valueName\":\"search_term_string\"}}],\"inLanguage\":\"fr-FR\"}]}<\/script>\n<!-- \/ Yoast SEO plugin. -->","yoast_head_json":{"title":"Comp\u00e9titions dates et infos pratiques - Tempogym Jette","robots":{"index":"index","follow":"follow","max-snippet":"max-snippet:-1","max-image-preview":"max-image-preview:large","max-video-preview":"max-video-preview:-1"},"canonical":"https:\/\/www.tempogymjette.be\/index.php\/competitions-dates-et-infos-pratiques\/","og_locale":"fr_FR","og_type":"article","og_title":"Comp\u00e9titions dates et infos pratiques - Tempogym Jette","og_description":"GYM EVAL Evaluation provinciale 1 : 14 d\u00e9cembre 2025 Evaluation provinciale 2 : 17 mai 2026 JEUNES Championnat du Brabant (A) : 31 janvier et 1er f\u00e9vrier 2026 Championnat du Brabant (B) : 28 et 29 mars 2026 Championnat francophone (A) : 18 et 19 avril 2026 DIVISION 6 GAF Championnat du Brabant : 28 [&hellip;]","og_url":"https:\/\/www.tempogymjette.be\/index.php\/competitions-dates-et-infos-pratiques\/","og_site_name":"Tempogym Jette","article_modified_time":"2025-11-12T09:10:54+00:00","og_image":[{"url":"https:\/\/i0.wp.com\/www.tempogymjette.be\/wp-content\/uploads\/2017\/08\/attention-e1502514370898.jpg?resize=71%2C71&#038;ssl=1","type":"","width":"","height":""}],"twitter_card":"summary_large_image","twitter_misc":{"Dur\u00e9e de lecture estim\u00e9e":"2 minutes"},"schema":{"@context":"https:\/\/schema.org","@graph":[{"@type":"WebPage","@id":"https:\/\/www.tempogymjette.be\/index.php\/competitions-dates-et-infos-pratiques\/","url":"https:\/\/www.tempogymjette.be\/index.php\/competitions-dates-et-infos-pratiques\/","name":"Comp\u00e9titions dates et infos pratiques - Tempogym Jette","isPartOf":{"@id":"https:\/\/www.tempogymjette.be\/#website"},"primaryImageOfPage":{"@id":"https:\/\/www.tempogymjette.be\/index.php\/competitions-dates-et-infos-pratiques\/#primaryimage"},"image":{"@id":"https:\/\/www.tempogymjette.be\/index.php\/competitions-dates-et-infos-pratiques\/#primaryimage"},"thumbnailUrl":"https:\/\/i0.wp.com\/www.tempogymjette.be\/wp-content\/uploads\/2017\/08\/attention-e1502514370898.jpg?resize=71%2C71&#038;ssl=1","datePublished":"2019-10-26T06:55:31+00:00","dateModified":"2025-11-12T09:10:54+00:00","breadcrumb":{"@id":"https:\/\/www.tempogymjette.be\/index.php\/competitions-dates-et-infos-pratiques\/#breadcrumb"},"inLanguage":"fr-FR","potentialAction":[{"@type":"ReadAction","target":["https:\/\/www.tempogymjette.be\/index.php\/competitions-dates-et-infos-pratiques\/"]}]},{"@type":"ImageObject","inLanguage":"fr-FR","@id":"https:\/\/www.tempogymjette.be\/index.php\/competitions-dates-et-infos-pratiques\/#primaryimage","url":"https:\/\/i0.wp.com\/www.tempogymjette.be\/wp-content\/uploads\/2017\/08\/attention-e1502514370898.jpg?resize=71%2C71&#038;ssl=1","contentUrl":"https:\/\/i0.wp.com\/www.tempogymjette.be\/wp-content\/uploads\/2017\/08\/attention-e1502514370898.jpg?resize=71%2C71&#038;ssl=1"},{"@type":"BreadcrumbList","@id":"https:\/\/www.tempogymjette.be\/index.php\/competitions-dates-et-infos-pratiques\/#breadcrumb","itemListElement":[{"@type":"ListItem","position":1,"name":"Accueil","item":"https:\/\/www.tempogymjette.be\/"},{"@type":"ListItem","position":2,"name":"Comp\u00e9titions dates et infos pratiques"}]},{"@type":"WebSite","@id":"https:\/\/www.tempogymjette.be\/#website","url":"https:\/\/www.tempogymjette.be\/","name":"Tempogym Jette","description":"Vive la gym","potentialAction":[{"@type":"SearchAction","target":{"@type":"EntryPoint","urlTemplate":"https:\/\/www.tempogymjette.be\/?s={search_term_string}"},"query-input":{"@type":"PropertyValueSpecification","valueRequired":true,"valueName":"search_term_string"}}],"inLanguage":"fr-FR"}]}},"jetpack_sharing_enabled":true,"jetpack_shortlink":"https:\/\/wp.me\/P9rq79-25P","jetpack-related-posts":[],"_links":{"self":[{"href":"https:\/\/www.tempogymjette.be\/index.php\/wp-json\/wp\/v2\/pages\/8049","targetHints":{"allow":["GET"]}}],"collection":[{"href":"https:\/\/www.tempogymjette.be\/index.php\/wp-json\/wp\/v2\/pages"}],"about":[{"href":"https:\/\/www.tempogymjette.be\/index.php\/wp-json\/wp\/v2\/types\/page"}],"author":[{"embeddable":true,"href":"https:\/\/www.tempogymjette.be\/index.php\/wp-json\/wp\/v2\/users\/164"}],"replies":[{"embeddable":true,"href":"https:\/\/www.tempogymjette.be\/index.php\/wp-json\/wp\/v2\/comments?post=8049"}],"version-history":[{"count":44,"href":"https:\/\/www.tempogymjette.be\/index.php\/wp-json\/wp\/v2\/pages\/8049\/revisions"}],"predecessor-version":[{"id":10803,"href":"https:\/\/www.tempogymjette.be\/index.php\/wp-json\/wp\/v2\/pages\/8049\/revisions\/10803"}],"wp:attachment":[{"href":"https:\/\/www.tempogymjette.be\/index.php\/wp-json\/wp\/v2\/media?parent=8049"}],"curies":[{"name":"wp","href":"https:\/\/api.w.org\/{rel}","templated":true}]}}